{"id":519,"date":"2021-02-09T07:42:13","date_gmt":"2021-02-09T06:42:13","guid":{"rendered":"https:\/\/www.sprachschule-aktiv-muenster.de\/home\/"},"modified":"2023-10-16T12:04:18","modified_gmt":"2023-10-16T10:04:18","slug":"home","status":"publish","type":"page","link":"https:\/\/www.sprachschule-aktiv-muenster.de\/it\/","title":{"rendered":"Home"},"content":{"rendered":"<p>[vc_row full_width=&#8221;stretch_row_content_no_spaces&#8221; content_placement=&#8221;middle&#8221; css=&#8221;.vc_custom_1697450629407{margin-bottom: 20px !important;background-color: #efedee !important;background-position: 0 0 !important;background-repeat: repeat !important;}&#8221;][vc_column width=&#8221;1\/2&#8243;][vc_single_image image=&#8221;1017&#8243; img_size=&#8221;full&#8221;][\/vc_column][vc_column width=&#8221;1\/2&#8243;][vc_column_text]<\/p>\n<div class=\"slidetitel\">Benvenuti<\/div>\n<p>[\/vc_column_text][vc_column_text]<\/p>\n<p style=\"text-align: center; font-size: 40px; margin-top: 15px;\">alla Sprachschule Aktiv<\/p>\n<p>[\/vc_column_text]\t<div class=\"vc_btn3-container vc_btn3-center\">\n\t\t<a href=\"https:\/\/www.sprachschule-aktiv-muenster.de\/it\/contatto\/\" class=\"pgs_btn pgs_btn_style_1 pgs_btn_xl\">\n\t\t\t<span>\n\t\t\t\tContattaci\t\t\t<\/span>\n\t\t\t\t\t\t<i class=\"fas fa-angle-double-right\"><\/i>\n\t\t\t\t\t<\/a>\n\t<\/div>\n\t\t<div class=\"vc_btn3-container vc_btn3-center\">\n\t\t<a href=\"https:\/\/www.sprachschule-aktiv-muenster.de\/it\/iscrizione-ai-corsi-di-lingua\/\" class=\"pgs_btn pgs_btn_style_1 pgs_btn_xl\">\n\t\t\t<span>\n\t\t\t\tIscriviti ora!\t\t\t<\/span>\n\t\t\t\t\t\t<i class=\"fas fa-angle-double-right\"><\/i>\n\t\t\t\t\t<\/a>\n\t<\/div>\n\t[\/vc_column][\/vc_row][vc_row css=&#8221;.vc_custom_1611578238347{margin-bottom: 20px !important;}&#8221;][vc_column][vc_column_text]<\/p>\n<h1>Corsi di tedesco a M\u00fcnster &#8211; imparare il tedesco &#8211; scuola di lingue<\/h1>\n<p>Studiare tedesco a M\u00fcnster alla Sprachschule Aktiv. Corsi di tedesco a M\u00fcnster per principianti e progrediti A1, A2, B1, B2, C1, C2. Ora di prova gratuita e corsi di lingua tedesca in piccoli gruppi e a buon mercato.<\/p>\n<h2>I nostri corsi di tedesco, prezzi, orari e iscrizione<\/h2>\n<p>[\/vc_column_text][vc_row_inner content_placement=&#8221;middle&#8221;][vc_column_inner width=&#8221;1\/2&#8243;][vc_column_text]<iframe src=\"https:\/\/www.youtube.com\/embed\/54-5aCU96MM\" width=\"560\" height=\"315\" frameborder=\"0\" allowfullscreen=\"allowfullscreen\"><\/iframe>[\/vc_column_text][\/vc_column_inner][vc_column_inner width=&#8221;1\/2&#8243;][vc_column_text]La Sprachschule Aktiv a M\u00fcnster offre corsi di tedesco dall\u2019A1 al C2 per piccoli gruppi di massimo 9 persone! Troverete professori di tedesco esperti, attraverso i quali potrete imparare la lingua e contemporaneamente conoscere da pi\u00f9 vicino la cultura del Paese. Le nostre gite di classe vi daranno la possibilit\u00e0 di esplorare M\u00fcnster e i suoi dintorni con altri partecipanti, cos\u00ec da poter applicare direttamente le vostre conoscenze linguistiche acquisite.[\/vc_column_text]\t<div class=\"vc_btn3-container vc_btn3-inline\">\n\t\t<a href=\"https:\/\/www.sprachschule-aktiv-muenster.de\/it\/contatto\/\" class=\"pgs_btn pgs_btn_style_1 pgs_btn_lg\">\n\t\t\t<span>\n\t\t\t\tContattaci\t\t\t<\/span>\n\t\t\t\t\t\t<i class=\"fas fa-angle-double-right\"><\/i>\n\t\t\t\t\t<\/a>\n\t<\/div>\n\t[\/vc_column_inner][\/vc_row_inner][\/vc_column][\/vc_row][vc_row full_width=&#8221;stretch_row&#8221; css=&#8221;.vc_custom_1631862995242{padding-top: 20px !important;padding-bottom: 30px !important;background-color: #f8f8f8 !important;}&#8221;][vc_column][vc_column_text]<\/p>\n<h2>Scegliete tra diversi corsi<\/h2>\n<p>La Sprachschule Aktiv di M\u00fcnster vi offre diversi corsi, al mattino e alla sera.[\/vc_column_text][vc_row_inner css=&#8221;.vc_custom_1631863102871{padding-top: 25px !important;}&#8221;][vc_column_inner width=&#8221;1\/3&#8243; css=&#8221;.vc_custom_1631863206270{border-right-width: 1px !important;background-color: #ffffff !important;border-right-color: #bababa !important;border-right-style: solid !important;}&#8221;][vc_column_text css=&#8221;.vc_custom_1631863211746{margin-top: 20px !important;}&#8221;]<\/p>\n<h3>Corsi semi-intensivi al mattino<\/h3>\n<p>Inizio: ogni primo luned\u00ec del mese<br \/>\nDurata: quattro settimane<br \/>\nOrario: dalle 09.00 alle 12.00 (da luned\u00ec a gioved\u00ec)<br \/>\nPrezzo: 289 euro<\/p>\n<p>[\/vc_column_text][\/vc_column_inner][vc_column_inner width=&#8221;1\/3&#8243; css=&#8221;.vc_custom_1631863066169{border-right-width: 1px !important;padding-top: 20px !important;background-color: #ffffff !important;border-right-color: #bababa !important;border-right-style: solid !important;}&#8221;][vc_column_text css=&#8221;.vc_custom_1631863244661{margin-top: 20px !important;}&#8221;]<\/p>\n<h3>Corsi semi-intensivi alla sera<\/h3>\n<p>Inizio: ogni primo luned\u00ec del mese<br \/>\nDurata: quattro settimane<br \/>\nOrario: dalle 19.00 alle 20.30 (da luned\u00ec a venerd\u00ec)<br \/>\nPrezzo: 279 euro[\/vc_column_text][\/vc_column_inner][vc_column_inner width=&#8221;1\/3&#8243; css=&#8221;.vc_custom_1631863075767{padding-top: 20px !important;background-color: #ffffff !important;}&#8221;][vc_column_text css=&#8221;.vc_custom_1631863248559{margin-top: 20px !important;}&#8221;]<\/p>\n<h3>Corsi intensivi al mattino<\/h3>\n<p>Inizio: ogni primo luned\u00ec del mese<br \/>\nDurata: quattro settimane<br \/>\nOrario: dalle 09.00 alle 12.00 (da luned\u00ec a venerd\u00ec)<br \/>\nPrezzo: 399 euro[\/vc_column_text][\/vc_column_inner][\/vc_row_inner][\/vc_column][\/vc_row][vc_row css=&#8221;.vc_custom_1611578742593{margin-bottom: 20px !important;padding-top: 20px !important;}&#8221;][vc_column][vc_column_text]<\/p>\n<h2>Corsi di tedesco a M\u00fcnster per principianti e progrediti<\/h2>\n<p>[\/vc_column_text][vc_row_inner][vc_column_inner width=&#8221;1\/2&#8243;][vc_column_text]Nei nostri corsi di tedesco a M\u00fcnster sono benvenuti sia i principianti che i progrediti. Questo viene consentito attraverso il quadro di riferimento europeo al quale ci rivolgiamo e che suddivide i livelli linguistici in A1, A2, B1, B2, C1 e C2. I corsi A1 si prestano ai principianti senza conoscenze di base e i B1 ai progrediti. I nostri corsi di livello C sono pensati per coloro che padroneggiano la lingua tedesca molto bene e che vorrebbero migliorare ancor di pi\u00f9 le loro conoscenze. Per poter scegliere il corso di lingua migliore per voi, potete effettuare il nostro test di piazzamento in loco oppure comodamente online da casa.[\/vc_column_text]\t<div class=\"vc_btn3-container vc_btn3-inline\">\n\t\t<a href=\"https:\/\/www.sprachschule-aktiv-muenster.de\/it\/iscrizione-ai-corsi-di-lingua\/\" class=\"pgs_btn pgs_btn_style_1 pgs_btn_xl\">\n\t\t\t<span>\n\t\t\t\tIscriviti ora!\t\t\t<\/span>\n\t\t\t\t\t\t<i class=\"fas fa-angle-double-right\"><\/i>\n\t\t\t\t\t<\/a>\n\t<\/div>\n\t[\/vc_column_inner][vc_column_inner width=&#8221;1\/2&#8243;][vc_single_image image=&#8221;524&#8243; img_size=&#8221;full&#8221; alignment=&#8221;center&#8221; style=&#8221;vc_box_outline&#8221;][\/vc_column_inner][\/vc_row_inner][vc_column_text]<\/p>\n<h2>Quanto costano i corsi di tedesco a M\u00fcnster?<\/h2>\n<p>Approfittate delle nostre offerte! Un corso intensivo \u201clight\u201d di tedesco costa 289\u20ac, per una durata di 4 settimane. Prenotate un corso intensivo per 6 mesi e pagherete solamente 2.200\u20ac. Per un anno intero 4.000\u20ac. Se desiderate un corso individuale, personalizzato e privato, allora potete prendere in considerazione la nostra offerta: maggiori sono le ore prenotate, maggiore \u00e8 la convenienza del corso privato.<\/p>\n<h2>Quando posso cominciare il corso?<\/h2>\n<p>Potete iniziare ogni luned\u00ec, se disponete di preconoscenze di tedesco. Se siete principianti, allora si comincia un corso ogni primo luned\u00ec del mese, col quale potrete partire in quarta.[\/vc_column_text][vc_row_inner content_placement=&#8221;middle&#8221;][vc_column_inner width=&#8221;1\/2&#8243;][vc_single_image image=&#8221;523&#8243; img_size=&#8221;full&#8221; alignment=&#8221;center&#8221; style=&#8221;vc_box_outline&#8221;][\/vc_column_inner][vc_column_inner width=&#8221;1\/2&#8243;][vc_column_text]<\/p>\n<h2>I pro e i motivi per cui dovreste sceglierci<\/h2>\n<ul>\n<li>Test di piazzamento gratuito online oppure in loco<\/li>\n<li>Prezzi favorevoli con possibilit\u00e0 di pagamento a rate<\/li>\n<li>Professori madrelingua motivati e pedagogisti qualificati<\/li>\n<li>Lezioni interattive in piccoli gruppi<\/li>\n<li>Organizzazione gratuita per le attivit\u00e0 del tempo libero<\/li>\n<\/ul>\n<p>[\/vc_column_text]\t<div class=\"vc_btn3-container vc_btn3-inline\">\n\t\t<a href=\"https:\/\/www.sprachschule-aktiv-muenster.de\/it\/iscrizione-ai-corsi-di-lingua\/\" class=\"pgs_btn pgs_btn_style_1 pgs_btn_xl\">\n\t\t\t<span>\n\t\t\t\tIscriviti ora!\t\t\t<\/span>\n\t\t\t\t\t\t<i class=\"fas fa-angle-double-right\"><\/i>\n\t\t\t\t\t<\/a>\n\t<\/div>\n\t[\/vc_column_inner][\/vc_row_inner][\/vc_column][\/vc_row][vc_row full_width=&#8221;stretch_row&#8221; css=&#8221;.vc_custom_1611578794559{padding-top: 20px !important;background-color: #f8f8f8 !important;}&#8221;][vc_column][vc_column_text]<\/p>\n<h2>La nostra Sprachschule di M\u00fcnster offre i seguenti corsi<\/h2>\n<p>Abbiamo pensato anche a voi lavoratori: una o due volte a settimana c\u2019\u00e8 la possibilit\u00e0 di prendere parte a un corso serale. Se volete imparare il tedesco il pi\u00f9 velocemente possibile, c&#8217;\u00e8 un corso intensivo in cui vi incontrerete con il vostro gruppo per quattro unit\u00e0 di corso (45 minuti ciascuna) al mattino. Abbiamo il tipo di corso giusto per ogni situazione, infatti potete anche prenotare un insegnante privato o corsi aziendali fatti su misura per voi.<\/p>\n<h2>Piccoli gruppi di apprendimento per imparare il tedesco in modo pi\u00f9 efficace<\/h2>\n<p>Per essere seguiti individualmente nel gruppo, abbiamo deciso di creare piccoli gruppi per voi. Questo vi d\u00e0 l&#8217;opportunit\u00e0 di parlare tedesco ad ogni lezione e quindi di mettere in pratica direttamente le vostre nuove conoscenze.<\/p>\n<h2>Lezione di tedesco con professori madrelingua qualificati<\/h2>\n<p>Offriamo insegnanti di tedesco madrelingua e pedagogisti competenti, che conducono i corsi con struttura e i metodi di insegnamento pi\u00f9 moderni. Oltre alla loro competenza, i nostri insegnanti di tedesco brillano anche per la loro simpatia, cordialit\u00e0 e interazione rispettosa.[\/vc_column_text][\/vc_column][\/vc_row]<\/p>\n","protected":false},"excerpt":{"rendered":"<p>[vc_row full_width=&#8221;stretch_row_content_no_spaces&#8221; content_placement=&#8221;middle&#8221; css=&#8221;.vc_custom_1697450629407{margin-bottom: 20px !important;background-color: #efedee !important;background-position: 0 0 !important;background-repeat: repeat !important;}&#8221;][vc_column width=&#8221;1\/2&#8243;][vc_single_image image=&#8221;1017&#8243; img_size=&#8221;full&#8221;][\/vc_column][vc_column width=&#8221;1\/2&#8243;][vc_column_text] Benvenuti [\/vc_column_text][vc_column_text] alla Sprachschule Aktiv [\/vc_column_text][\/vc_column][\/vc_row][vc_row css=&#8221;.vc_custom_1611578238347{margin-bottom: 20px !important;}&#8221;][vc_column][vc_column_text] Corsi di tedesco a M\u00fcnster &#8211; imparare il tedesco &#8211; scuola di lingue Studiare tedesco a M\u00fcnster alla Sprachschule Aktiv. Corsi di tedesco a M\u00fcnster per principianti e progrediti&hellip; <a class=\"read-more\" href=\"https:\/\/www.sprachschule-aktiv-muenster.de\/it\/\" title=\"Read Home\">Read more &raquo;<\/a><\/p>\n","protected":false},"author":1,"featured_media":0,"parent":0,"menu_order":0,"comment_status":"closed","ping_status":"closed","template":"","meta":{"footnotes":""},"class_list":["post-519","page","type-page","status-publish","hentry"],"acf":[],"yoast_head":"<!-- This site is optimized with the Yoast SEO plugin v26.5 - https:\/\/yoast.com\/wordpress\/plugins\/seo\/ -->\n<title>Corso di tedesco a M\u00fcnster - Impara il tedesco (A1-C2)<\/title>\n<meta name=\"description\" content=\"Studiare tedesco a M\u00fcnster alla Sprachschule Aktiv. Corsi di tedesco a M\u00fcnster nella scuola di lingue o online A1, A2, B1, B2, C1, C2.\" \/>\n<meta name=\"robots\" content=\"index, follow, max-snippet:-1, max-image-preview:large, max-video-preview:-1\" \/>\n<link rel=\"canonical\" href=\"https:\/\/www.sprachschule-aktiv-muenster.de\/it\/\" \/>\n<meta property=\"og:locale\" content=\"it_IT\" \/>\n<meta property=\"og:type\" content=\"article\" \/>\n<meta property=\"og:title\" content=\"Corso di tedesco a M\u00fcnster - Impara il tedesco (A1-C2)\" \/>\n<meta property=\"og:description\" content=\"Studiare tedesco a M\u00fcnster alla Sprachschule Aktiv. Corsi di tedesco a M\u00fcnster nella scuola di lingue o online A1, A2, B1, B2, C1, C2.\" \/>\n<meta property=\"og:url\" content=\"https:\/\/www.sprachschule-aktiv-muenster.de\/it\/\" \/>\n<meta property=\"og:site_name\" content=\"Sprachschule Aktiv M\u00fcnster\" \/>\n<meta property=\"article:modified_time\" content=\"2023-10-16T10:04:18+00:00\" \/>\n<meta name=\"twitter:card\" content=\"summary_large_image\" \/>\n<meta name=\"twitter:label1\" content=\"Tempo di lettura stimato\" \/>\n\t<meta name=\"twitter:data1\" content=\"4 minuti\" \/>\n<script type=\"application\/ld+json\" class=\"yoast-schema-graph\">{\"@context\":\"https:\/\/schema.org\",\"@graph\":[{\"@type\":\"WebPage\",\"@id\":\"https:\/\/www.sprachschule-aktiv-muenster.de\/it\/\",\"url\":\"https:\/\/www.sprachschule-aktiv-muenster.de\/it\/\",\"name\":\"Corso di tedesco a M\u00fcnster - Impara il tedesco (A1-C2)\",\"isPartOf\":{\"@id\":\"https:\/\/www.sprachschule-aktiv-muenster.de\/#website\"},\"datePublished\":\"2021-02-09T06:42:13+00:00\",\"dateModified\":\"2023-10-16T10:04:18+00:00\",\"description\":\"Studiare tedesco a M\u00fcnster alla Sprachschule Aktiv. Corsi di tedesco a M\u00fcnster nella scuola di lingue o online A1, A2, B1, B2, C1, C2.\",\"breadcrumb\":{\"@id\":\"https:\/\/www.sprachschule-aktiv-muenster.de\/it\/#breadcrumb\"},\"inLanguage\":\"it-IT\",\"potentialAction\":[{\"@type\":\"ReadAction\",\"target\":[\"https:\/\/www.sprachschule-aktiv-muenster.de\/it\/\"]}]},{\"@type\":\"BreadcrumbList\",\"@id\":\"https:\/\/www.sprachschule-aktiv-muenster.de\/it\/#breadcrumb\",\"itemListElement\":[{\"@type\":\"ListItem\",\"position\":1,\"name\":\"Startseite\",\"item\":\"https:\/\/www.sprachschule-aktiv-muenster.de\/it\/\"},{\"@type\":\"ListItem\",\"position\":2,\"name\":\"Home\"}]},{\"@type\":\"WebSite\",\"@id\":\"https:\/\/www.sprachschule-aktiv-muenster.de\/#website\",\"url\":\"https:\/\/www.sprachschule-aktiv-muenster.de\/\",\"name\":\"Sprachschule Aktiv M\u00fcnster\",\"description\":\"\",\"potentialAction\":[{\"@type\":\"SearchAction\",\"target\":{\"@type\":\"EntryPoint\",\"urlTemplate\":\"https:\/\/www.sprachschule-aktiv-muenster.de\/?s={search_term_string}\"},\"query-input\":{\"@type\":\"PropertyValueSpecification\",\"valueRequired\":true,\"valueName\":\"search_term_string\"}}],\"inLanguage\":\"it-IT\"}]}<\/script>\n<!-- \/ Yoast SEO plugin. -->","yoast_head_json":{"title":"Corso di tedesco a M\u00fcnster - Impara il tedesco (A1-C2)","description":"Studiare tedesco a M\u00fcnster alla Sprachschule Aktiv. Corsi di tedesco a M\u00fcnster nella scuola di lingue o online A1, A2, B1, B2, C1, C2.","robots":{"index":"index","follow":"follow","max-snippet":"max-snippet:-1","max-image-preview":"max-image-preview:large","max-video-preview":"max-video-preview:-1"},"canonical":"https:\/\/www.sprachschule-aktiv-muenster.de\/it\/","og_locale":"it_IT","og_type":"article","og_title":"Corso di tedesco a M\u00fcnster - Impara il tedesco (A1-C2)","og_description":"Studiare tedesco a M\u00fcnster alla Sprachschule Aktiv. Corsi di tedesco a M\u00fcnster nella scuola di lingue o online A1, A2, B1, B2, C1, C2.","og_url":"https:\/\/www.sprachschule-aktiv-muenster.de\/it\/","og_site_name":"Sprachschule Aktiv M\u00fcnster","article_modified_time":"2023-10-16T10:04:18+00:00","twitter_card":"summary_large_image","twitter_misc":{"Tempo di lettura stimato":"4 minuti"},"schema":{"@context":"https:\/\/schema.org","@graph":[{"@type":"WebPage","@id":"https:\/\/www.sprachschule-aktiv-muenster.de\/it\/","url":"https:\/\/www.sprachschule-aktiv-muenster.de\/it\/","name":"Corso di tedesco a M\u00fcnster - Impara il tedesco (A1-C2)","isPartOf":{"@id":"https:\/\/www.sprachschule-aktiv-muenster.de\/#website"},"datePublished":"2021-02-09T06:42:13+00:00","dateModified":"2023-10-16T10:04:18+00:00","description":"Studiare tedesco a M\u00fcnster alla Sprachschule Aktiv. Corsi di tedesco a M\u00fcnster nella scuola di lingue o online A1, A2, B1, B2, C1, C2.","breadcrumb":{"@id":"https:\/\/www.sprachschule-aktiv-muenster.de\/it\/#breadcrumb"},"inLanguage":"it-IT","potentialAction":[{"@type":"ReadAction","target":["https:\/\/www.sprachschule-aktiv-muenster.de\/it\/"]}]},{"@type":"BreadcrumbList","@id":"https:\/\/www.sprachschule-aktiv-muenster.de\/it\/#breadcrumb","itemListElement":[{"@type":"ListItem","position":1,"name":"Startseite","item":"https:\/\/www.sprachschule-aktiv-muenster.de\/it\/"},{"@type":"ListItem","position":2,"name":"Home"}]},{"@type":"WebSite","@id":"https:\/\/www.sprachschule-aktiv-muenster.de\/#website","url":"https:\/\/www.sprachschule-aktiv-muenster.de\/","name":"Sprachschule Aktiv M\u00fcnster","description":"","potentialAction":[{"@type":"SearchAction","target":{"@type":"EntryPoint","urlTemplate":"https:\/\/www.sprachschule-aktiv-muenster.de\/?s={search_term_string}"},"query-input":{"@type":"PropertyValueSpecification","valueRequired":true,"valueName":"search_term_string"}}],"inLanguage":"it-IT"}]}},"_links":{"self":[{"href":"https:\/\/www.sprachschule-aktiv-muenster.de\/it\/wp-json\/wp\/v2\/pages\/519","targetHints":{"allow":["GET"]}}],"collection":[{"href":"https:\/\/www.sprachschule-aktiv-muenster.de\/it\/wp-json\/wp\/v2\/pages"}],"about":[{"href":"https:\/\/www.sprachschule-aktiv-muenster.de\/it\/wp-json\/wp\/v2\/types\/page"}],"author":[{"embeddable":true,"href":"https:\/\/www.sprachschule-aktiv-muenster.de\/it\/wp-json\/wp\/v2\/users\/1"}],"replies":[{"embeddable":true,"href":"https:\/\/www.sprachschule-aktiv-muenster.de\/it\/wp-json\/wp\/v2\/comments?post=519"}],"version-history":[{"count":20,"href":"https:\/\/www.sprachschule-aktiv-muenster.de\/it\/wp-json\/wp\/v2\/pages\/519\/revisions"}],"predecessor-version":[{"id":1020,"href":"https:\/\/www.sprachschule-aktiv-muenster.de\/it\/wp-json\/wp\/v2\/pages\/519\/revisions\/1020"}],"wp:attachment":[{"href":"https:\/\/www.sprachschule-aktiv-muenster.de\/it\/wp-json\/wp\/v2\/media?parent=519"}],"curies":[{"name":"wp","href":"https:\/\/api.w.org\/{rel}","templated":true}]}}